{"id":27,"date":"2019-03-18T12:57:31","date_gmt":"2019-03-18T11:57:31","guid":{"rendered":"https:\/\/www.fundacionanse.org\/de\/?page_id=27"},"modified":"2019-08-11T12:29:14","modified_gmt":"2019-08-11T10:29:14","slug":"kontakt","status":"publish","type":"page","link":"https:\/\/www.fundacionanse.org\/de\/kontakt\/","title":{"rendered":"Kontakt"},"content":{"rendered":"<div  class=\"lgc-column lgc-grid-parent lgc-grid-50 lgc-tablet-grid-50 lgc-mobile-grid-100 lgc-equal-heights \"><div  class=\"inside-grid-column\">\n<p>Puedes contactar con nosotros en:<\/p>\n<p><strong>ANSE. Asociaci\u00f3n de Naturalistas del Sureste.<\/strong><br \/>\nPlaza Pintor Jos\u00e9 Mar\u00eda P\u00e1rraga, 11. Bajo. 30002. Murcia (frente a la estaci\u00f3n de tren).<br \/>\nHorario de oficina: Lunes viernes de 9:00 a 14:00 horas.<br \/>\nTlfno: <strong>968 966407<\/strong><\/p>\n<\/div><\/div>\n<div  class=\"lgc-column lgc-grid-parent lgc-grid-50 lgc-tablet-grid-50 lgc-mobile-grid-100 lgc-equal-heights \"><div  class=\"inside-grid-column\">\n<p>O bien por e-mail, rellenando el siguiente formulario:<\/p>\n\n<div class=\"wpcf7 no-js\" id=\"wpcf7-f26-o1\" lang=\"de-DE\" dir=\"ltr\" data-wpcf7-id=\"26\">\n<div class=\"screen-reader-response\"><p role=\"status\" aria-live=\"polite\" aria-atomic=\"true\"><\/p> <ul><\/ul><\/div>\n<form action=\"\/de\/wp-json\/wp\/v2\/pages\/27#wpcf7-f26-o1\" method=\"post\" class=\"wpcf7-form init\" aria-label=\"Kontaktformular\" novalidate=\"novalidate\" data-status=\"init\">\n<fieldset class=\"hidden-fields-container\"><input type=\"hidden\" name=\"_wpcf7\" value=\"26\" \/><input type=\"hidden\" name=\"_wpcf7_version\" value=\"6.1.5\" \/><input type=\"hidden\" name=\"_wpcf7_locale\" value=\"de_DE\" \/><input type=\"hidden\" name=\"_wpcf7_unit_tag\" value=\"wpcf7-f26-o1\" \/><input type=\"hidden\" name=\"_wpcf7_container_post\" value=\"0\" \/><input type=\"hidden\" name=\"_wpcf7_posted_data_hash\" value=\"\" \/>\n<\/fieldset>\n<p><label> Dein Name (Pflichtfeld)<br \/>\n<span class=\"wpcf7-form-control-wrap\" data-name=\"your-name\"><input size=\"40\" maxlength=\"400\" class=\"wpcf7-form-control wpcf7-text wpcf7-validates-as-required\" aria-required=\"true\" aria-invalid=\"false\" value=\"\" type=\"text\" name=\"your-name\" \/><\/span> <\/label>\n<\/p>\n<p><label> Deine E-Mail-Adresse (Pflichtfeld)<br \/>\n<span class=\"wpcf7-form-control-wrap\" data-name=\"your-email\"><input size=\"40\" maxlength=\"400\" class=\"wpcf7-form-control wpcf7-email wpcf7-validates-as-required wpcf7-text wpcf7-validates-as-email\" aria-required=\"true\" aria-invalid=\"false\" value=\"\" type=\"email\" name=\"your-email\" \/><\/span> <\/label>\n<\/p>\n<p><label> Betreff<br \/>\n<span class=\"wpcf7-form-control-wrap\" data-name=\"your-subject\"><input size=\"40\" maxlength=\"400\" class=\"wpcf7-form-control wpcf7-text\" aria-invalid=\"false\" value=\"\" type=\"text\" name=\"your-subject\" \/><\/span> <\/label>\n<\/p>\n<p><label> Deine Nachricht<br \/>\n<span class=\"wpcf7-form-control-wrap\" data-name=\"your-message\"><textarea cols=\"40\" rows=\"10\" maxlength=\"2000\" class=\"wpcf7-form-control wpcf7-textarea\" aria-invalid=\"false\" name=\"your-message\"><\/textarea><\/span> <\/label>\n<\/p>\n<p><label> <span class=\"wpcf7-form-control-wrap\" data-name=\"your-consent\"><span class=\"wpcf7-form-control wpcf7-acceptance\"><span class=\"wpcf7-list-item\"><label><input type=\"checkbox\" name=\"your-consent\" value=\"1\" aria-invalid=\"false\" \/><span class=\"wpcf7-list-item-label\">He le\u00eddo y acepto el <a href=\"\/aviso-legal\/\" rel=\"nofollow\">aviso legal<\/a> y la <a href=\"\/de\/datenschutzerklarung\/\" rel=\"nofollow\">Datenschutzerkl\u00e4rung<\/a> (Pflichtfeld).<\/span><\/label><\/span><\/span><\/span> <\/label>\n<\/p>\n<p><small><strong>Informaci\u00f3n b\u00e1sica de protecci\u00f3n de datos:<\/strong><br \/>\n<strong>Responsable<\/strong>: Fundaci\u00f3n ANSE. Asociaci\u00f3n de Naturalistas del Sureste.<br \/>\n<strong>Finalidad<\/strong>: Atender la solicitud y enviar de informaci\u00f3n de inter\u00e9s.<br \/>\n<strong>Legitimaci\u00f3n<\/strong>: Tu consentimiento expreso.<br \/>\n<strong>Destinatarios<\/strong>: Fundaci\u00f3n ANSE, entidades financieras, administraciones en caso de requerimiento legal y servidor fuera de la UE si te suscribes al bolet\u00edn (solo almacenamos all\u00ed nombre y direcci\u00f3n de correo electr\u00f3nico).<br \/>\n<strong>Derechos<\/strong>: Acceso, rectificaci\u00f3n, supresi\u00f3n, oposici\u00f3n y portabilidad de los datos.<br \/>\n<strong>Informaci\u00f3n adicional<\/strong>: <a href=\"\/aviso-legal\/\" rel=\"nofollow\">Aviso legal<\/a><\/small>\n<\/p>\n<p><input class=\"wpcf7-form-control wpcf7-submit has-spinner\" type=\"submit\" value=\"Senden\" \/>\n<\/p><p style=\"display: none !important;\" class=\"akismet-fields-container\" data-prefix=\"_wpcf7_ak_\"><label>&#916;<textarea name=\"_wpcf7_ak_hp_textarea\" cols=\"45\" rows=\"8\" maxlength=\"100\"><\/textarea><\/label><input type=\"hidden\" id=\"ak_js_1\" name=\"_wpcf7_ak_js\" value=\"135\"\/><script>document.getElementById( \"ak_js_1\" ).setAttribute( \"value\", ( new Date() ).getTime() );<\/script><\/p><div class=\"wpcf7-response-output\" aria-hidden=\"true\"><\/div>\n<\/form>\n<\/div>\n\n<\/div><\/div><div class=\"lgc-clear\"><\/div>\n","protected":false},"excerpt":{"rendered":"","protected":false},"author":1,"featured_media":0,"parent":0,"menu_order":0,"comment_status":"closed","ping_status":"closed","template":"","meta":{"footnotes":""},"class_list":["post-27","page","type-page","status-publish"],"yoast_head":"<!-- This site is optimized with the Yoast SEO plugin v26.9 - https:\/\/yoast.com\/product\/yoast-seo-wordpress\/ -->\n<title>Kontakt - ANSE Stiftung<\/title>\n<meta name=\"robots\" content=\"index, follow, max-snippet:-1, max-image-preview:large, max-video-preview:-1\" \/>\n<link rel=\"canonical\" href=\"https:\/\/www.fundacionanse.org\/de\/kontakt\/\" \/>\n<meta property=\"og:locale\" content=\"de_DE\" \/>\n<meta property=\"og:type\" content=\"article\" \/>\n<meta property=\"og:title\" content=\"Kontakt - ANSE Stiftung\" \/>\n<meta property=\"og:url\" content=\"https:\/\/www.fundacionanse.org\/de\/kontakt\/\" \/>\n<meta property=\"og:site_name\" content=\"ANSE Stiftung\" \/>\n<meta property=\"article:publisher\" content=\"https:\/\/www.facebook.com\/AsociacionANSE\" \/>\n<meta property=\"article:modified_time\" content=\"2019-08-11T10:29:14+00:00\" \/>\n<meta name=\"twitter:card\" content=\"summary_large_image\" \/>\n<meta name=\"twitter:site\" content=\"@asociacionanse\" \/>\n<script type=\"application\/ld+json\" class=\"yoast-schema-graph\">{\"@context\":\"https:\/\/schema.org\",\"@graph\":[{\"@type\":\"WebPage\",\"@id\":\"https:\/\/www.fundacionanse.org\/de\/kontakt\/\",\"url\":\"https:\/\/www.fundacionanse.org\/de\/kontakt\/\",\"name\":\"Kontakt - ANSE Stiftung\",\"isPartOf\":{\"@id\":\"https:\/\/www.fundacionanse.org\/de\/#website\"},\"datePublished\":\"2019-03-18T11:57:31+00:00\",\"dateModified\":\"2019-08-11T10:29:14+00:00\",\"inLanguage\":\"de\",\"potentialAction\":[{\"@type\":\"ReadAction\",\"target\":[\"https:\/\/www.fundacionanse.org\/de\/kontakt\/\"]}]},{\"@type\":\"WebSite\",\"@id\":\"https:\/\/www.fundacionanse.org\/de\/#website\",\"url\":\"https:\/\/www.fundacionanse.org\/de\/\",\"name\":\"ANSE Stiftung\",\"description\":\"Land Stewardship\",\"publisher\":{\"@id\":\"https:\/\/www.fundacionanse.org\/de\/#organization\"},\"potentialAction\":[{\"@type\":\"SearchAction\",\"target\":{\"@type\":\"EntryPoint\",\"urlTemplate\":\"https:\/\/www.fundacionanse.org\/de\/?s={search_term_string}\"},\"query-input\":{\"@type\":\"PropertyValueSpecification\",\"valueRequired\":true,\"valueName\":\"search_term_string\"}}],\"inLanguage\":\"de\"},{\"@type\":\"Organization\",\"@id\":\"https:\/\/www.fundacionanse.org\/de\/#organization\",\"name\":\"ANSE Stiftung\",\"url\":\"https:\/\/www.fundacionanse.org\/de\/\",\"logo\":{\"@type\":\"ImageObject\",\"inLanguage\":\"de\",\"@id\":\"https:\/\/www.fundacionanse.org\/de\/#\/schema\/logo\/image\/\",\"url\":\"https:\/\/www.fundacionanse.org\/de\/wp-content\/uploads\/sites\/3\/2019\/06\/F-ANSE-color.svg\",\"contentUrl\":\"https:\/\/www.fundacionanse.org\/de\/wp-content\/uploads\/sites\/3\/2019\/06\/F-ANSE-color.svg\",\"caption\":\"ANSE Stiftung\"},\"image\":{\"@id\":\"https:\/\/www.fundacionanse.org\/de\/#\/schema\/logo\/image\/\"},\"sameAs\":[\"https:\/\/www.facebook.com\/AsociacionANSE\",\"https:\/\/x.com\/asociacionanse\",\"https:\/\/www.instagram.com\/asociacionanse\/\",\"https:\/\/www.linkedin.com\/company\/anse\",\"https:\/\/www.youtube.com\/user\/asociacionanse\",\"https:\/\/es.wikipedia.org\/wiki\/Asociaci\u00f3n_de_Naturalistas_del_Sureste\"]}]}<\/script>\n<!-- \/ Yoast SEO plugin. -->","yoast_head_json":{"title":"Kontakt - ANSE Stiftung","robots":{"index":"index","follow":"follow","max-snippet":"max-snippet:-1","max-image-preview":"max-image-preview:large","max-video-preview":"max-video-preview:-1"},"canonical":"https:\/\/www.fundacionanse.org\/de\/kontakt\/","og_locale":"de_DE","og_type":"article","og_title":"Kontakt - ANSE Stiftung","og_url":"https:\/\/www.fundacionanse.org\/de\/kontakt\/","og_site_name":"ANSE Stiftung","article_publisher":"https:\/\/www.facebook.com\/AsociacionANSE","article_modified_time":"2019-08-11T10:29:14+00:00","twitter_card":"summary_large_image","twitter_site":"@asociacionanse","schema":{"@context":"https:\/\/schema.org","@graph":[{"@type":"WebPage","@id":"https:\/\/www.fundacionanse.org\/de\/kontakt\/","url":"https:\/\/www.fundacionanse.org\/de\/kontakt\/","name":"Kontakt - ANSE Stiftung","isPartOf":{"@id":"https:\/\/www.fundacionanse.org\/de\/#website"},"datePublished":"2019-03-18T11:57:31+00:00","dateModified":"2019-08-11T10:29:14+00:00","inLanguage":"de","potentialAction":[{"@type":"ReadAction","target":["https:\/\/www.fundacionanse.org\/de\/kontakt\/"]}]},{"@type":"WebSite","@id":"https:\/\/www.fundacionanse.org\/de\/#website","url":"https:\/\/www.fundacionanse.org\/de\/","name":"ANSE Stiftung","description":"Land Stewardship","publisher":{"@id":"https:\/\/www.fundacionanse.org\/de\/#organization"},"potentialAction":[{"@type":"SearchAction","target":{"@type":"EntryPoint","urlTemplate":"https:\/\/www.fundacionanse.org\/de\/?s={search_term_string}"},"query-input":{"@type":"PropertyValueSpecification","valueRequired":true,"valueName":"search_term_string"}}],"inLanguage":"de"},{"@type":"Organization","@id":"https:\/\/www.fundacionanse.org\/de\/#organization","name":"ANSE Stiftung","url":"https:\/\/www.fundacionanse.org\/de\/","logo":{"@type":"ImageObject","inLanguage":"de","@id":"https:\/\/www.fundacionanse.org\/de\/#\/schema\/logo\/image\/","url":"https:\/\/www.fundacionanse.org\/de\/wp-content\/uploads\/sites\/3\/2019\/06\/F-ANSE-color.svg","contentUrl":"https:\/\/www.fundacionanse.org\/de\/wp-content\/uploads\/sites\/3\/2019\/06\/F-ANSE-color.svg","caption":"ANSE Stiftung"},"image":{"@id":"https:\/\/www.fundacionanse.org\/de\/#\/schema\/logo\/image\/"},"sameAs":["https:\/\/www.facebook.com\/AsociacionANSE","https:\/\/x.com\/asociacionanse","https:\/\/www.instagram.com\/asociacionanse\/","https:\/\/www.linkedin.com\/company\/anse","https:\/\/www.youtube.com\/user\/asociacionanse","https:\/\/es.wikipedia.org\/wiki\/Asociaci\u00f3n_de_Naturalistas_del_Sureste"]}]}},"_links":{"self":[{"href":"https:\/\/www.fundacionanse.org\/de\/wp-json\/wp\/v2\/pages\/27","targetHints":{"allow":["GET"]}}],"collection":[{"href":"https:\/\/www.fundacionanse.org\/de\/wp-json\/wp\/v2\/pages"}],"about":[{"href":"https:\/\/www.fundacionanse.org\/de\/wp-json\/wp\/v2\/types\/page"}],"author":[{"embeddable":true,"href":"https:\/\/www.fundacionanse.org\/de\/wp-json\/wp\/v2\/users\/1"}],"replies":[{"embeddable":true,"href":"https:\/\/www.fundacionanse.org\/de\/wp-json\/wp\/v2\/comments?post=27"}],"version-history":[{"count":0,"href":"https:\/\/www.fundacionanse.org\/de\/wp-json\/wp\/v2\/pages\/27\/revisions"}],"wp:attachment":[{"href":"https:\/\/www.fundacionanse.org\/de\/wp-json\/wp\/v2\/media?parent=27"}],"curies":[{"name":"wp","href":"https:\/\/api.w.org\/{rel}","templated":true}]}}