{"id":29,"date":"2019-03-18T12:39:21","date_gmt":"2019-03-18T11:39:21","guid":{"rendered":"https:\/\/www.fundacionanse.org\/en\/?page_id=29"},"modified":"2024-10-06T11:41:07","modified_gmt":"2024-10-06T09:41:07","slug":"contact","status":"publish","type":"page","link":"https:\/\/www.fundacionanse.org\/en\/contact\/","title":{"rendered":"Contact"},"content":{"rendered":"<div  class=\"lgc-column lgc-grid-parent lgc-grid-50 lgc-tablet-grid-50 lgc-mobile-grid-100 lgc-equal-heights \"><div  class=\"inside-grid-column\">\n<p>You can contact us at:<\/p>\n<p><strong>ANSE. Asociaci\u00f3n de Naturalistas del Sureste.<\/strong><br \/>\nPlaza Pintor Jos\u00e9 Mar\u00eda P\u00e1rraga, 11. Bajo. 30002. Murcia (Near to the train station).<br \/>\nOffice hours: Monday to Friday from 9 a.m. to 2 p.m.<br \/>\nTlfno: <strong>968 966407<\/strong><\/p>\n<\/div><\/div>\n<div  class=\"lgc-column lgc-grid-parent lgc-grid-50 lgc-tablet-grid-50 lgc-mobile-grid-100 lgc-equal-heights \"><div  class=\"inside-grid-column\">\n<p>Or by e-mail, filling out the following form:<\/p>\n\n<div class=\"wpcf7 no-js\" id=\"wpcf7-f30-o1\" lang=\"en-US\" dir=\"ltr\" data-wpcf7-id=\"30\">\n<div class=\"screen-reader-response\"><p role=\"status\" aria-live=\"polite\" aria-atomic=\"true\"><\/p> <ul><\/ul><\/div>\n<form action=\"\/en\/wp-json\/wp\/v2\/pages\/29#wpcf7-f30-o1\" method=\"post\" class=\"wpcf7-form init\" aria-label=\"Contact form\" novalidate=\"novalidate\" data-status=\"init\">\n<fieldset class=\"hidden-fields-container\"><input type=\"hidden\" name=\"_wpcf7\" value=\"30\" \/><input type=\"hidden\" name=\"_wpcf7_version\" value=\"6.1.5\" \/><input type=\"hidden\" name=\"_wpcf7_locale\" value=\"en_US\" \/><input type=\"hidden\" name=\"_wpcf7_unit_tag\" value=\"wpcf7-f30-o1\" \/><input type=\"hidden\" name=\"_wpcf7_container_post\" value=\"0\" \/><input type=\"hidden\" name=\"_wpcf7_posted_data_hash\" value=\"\" \/>\n<\/fieldset>\n<p><label> Your Name (required)<br \/>\n<span class=\"wpcf7-form-control-wrap\" data-name=\"your-name\"><input size=\"40\" maxlength=\"400\" class=\"wpcf7-form-control wpcf7-text wpcf7-validates-as-required\" aria-required=\"true\" aria-invalid=\"false\" value=\"\" type=\"text\" name=\"your-name\" \/><\/span> <\/label>\n<\/p>\n<p><label> Your Email (required)<br \/>\n<span class=\"wpcf7-form-control-wrap\" data-name=\"your-email\"><input size=\"40\" maxlength=\"400\" class=\"wpcf7-form-control wpcf7-email wpcf7-validates-as-required wpcf7-text wpcf7-validates-as-email\" aria-required=\"true\" aria-invalid=\"false\" value=\"\" type=\"email\" name=\"your-email\" \/><\/span> <\/label>\n<\/p>\n<p><label> Subject<br \/>\n<span class=\"wpcf7-form-control-wrap\" data-name=\"your-subject\"><input size=\"40\" maxlength=\"400\" class=\"wpcf7-form-control wpcf7-text\" aria-invalid=\"false\" value=\"\" type=\"text\" name=\"your-subject\" \/><\/span> <\/label>\n<\/p>\n<p><label> Your Message<br \/>\n<span class=\"wpcf7-form-control-wrap\" data-name=\"your-message\"><textarea cols=\"40\" rows=\"10\" maxlength=\"2000\" class=\"wpcf7-form-control wpcf7-textarea\" aria-invalid=\"false\" name=\"your-message\"><\/textarea><\/span> <\/label>\n<\/p>\n<p><label> <span class=\"wpcf7-form-control-wrap\" data-name=\"your-consent\"><span class=\"wpcf7-form-control wpcf7-acceptance\"><span class=\"wpcf7-list-item\"><label><input type=\"checkbox\" name=\"your-consent\" value=\"1\" aria-invalid=\"false\" \/><span class=\"wpcf7-list-item-label\">He le\u00eddo y acepto el <a href=\"\/aviso-legal\/\" rel=\"nofollow\">aviso legal<\/a> y la <a href=\"\/en\/privacy-policy\/\" rel=\"nofollow\">Privacy Policy<\/a> (required).<\/span><\/label><\/span><\/span><\/span> <\/label>\n<\/p>\n<p><small><strong>Informaci\u00f3n b\u00e1sica de protecci\u00f3n de datos:<\/strong><br \/>\n<strong>Responsable<\/strong>: Fundaci\u00f3n ANSE. Asociaci\u00f3n de Naturalistas del Sureste.<br \/>\n<strong>Finalidad<\/strong>: Atender la solicitud y enviar de informaci\u00f3n de inter\u00e9s.<br \/>\n<strong>Legitimaci\u00f3n<\/strong>: Tu consentimiento expreso.<br \/>\n<strong>Destinatarios<\/strong>: Fundaci\u00f3n ANSE, entidades financieras, administraciones en caso de requerimiento legal y servidor fuera de la UE si te suscribes al bolet\u00edn (solo almacenamos all\u00ed nombre y direcci\u00f3n de correo electr\u00f3nico).<br \/>\n<strong>Derechos<\/strong>: Acceso, rectificaci\u00f3n, supresi\u00f3n, oposici\u00f3n y portabilidad de los datos.<br \/>\n<strong>Informaci\u00f3n adicional<\/strong>: <a href=\"\/aviso-legal\/\" rel=\"nofollow\">Aviso legal<\/a><\/small>\n<\/p>\n<p><input class=\"wpcf7-form-control wpcf7-submit has-spinner\" type=\"submit\" value=\"Send\" \/>\n<\/p><p style=\"display: none !important;\" class=\"akismet-fields-container\" data-prefix=\"_wpcf7_ak_\"><label>&#916;<textarea name=\"_wpcf7_ak_hp_textarea\" cols=\"45\" rows=\"8\" maxlength=\"100\"><\/textarea><\/label><input type=\"hidden\" id=\"ak_js_1\" name=\"_wpcf7_ak_js\" value=\"35\"\/><script>document.getElementById( \"ak_js_1\" ).setAttribute( \"value\", ( new Date() ).getTime() );<\/script><\/p><div class=\"wpcf7-response-output\" aria-hidden=\"true\"><\/div>\n<\/form>\n<\/div>\n\n<\/div><\/div><div class=\"lgc-clear\"><\/div>\n","protected":false},"excerpt":{"rendered":"","protected":false},"author":1,"featured_media":0,"parent":0,"menu_order":0,"comment_status":"closed","ping_status":"closed","template":"","meta":{"footnotes":""},"class_list":["post-29","page","type-page","status-publish"],"yoast_head":"<!-- This site is optimized with the Yoast SEO plugin v26.9 - https:\/\/yoast.com\/product\/yoast-seo-wordpress\/ -->\n<title>Contact - ANSE Foundation<\/title>\n<meta name=\"robots\" content=\"index, follow, max-snippet:-1, max-image-preview:large, max-video-preview:-1\" \/>\n<link rel=\"canonical\" href=\"https:\/\/www.fundacionanse.org\/en\/contact\/\" \/>\n<meta property=\"og:locale\" content=\"en_GB\" \/>\n<meta property=\"og:type\" content=\"article\" \/>\n<meta property=\"og:title\" content=\"Contact - ANSE Foundation\" \/>\n<meta property=\"og:url\" content=\"https:\/\/www.fundacionanse.org\/en\/contact\/\" \/>\n<meta property=\"og:site_name\" content=\"ANSE Foundation\" \/>\n<meta property=\"article:publisher\" content=\"https:\/\/www.facebook.com\/AsociacionANSE\" \/>\n<meta property=\"article:modified_time\" content=\"2024-10-06T09:41:07+00:00\" \/>\n<meta name=\"twitter:card\" content=\"summary_large_image\" \/>\n<meta name=\"twitter:site\" content=\"@asociacionanse\" \/>\n<script type=\"application\/ld+json\" class=\"yoast-schema-graph\">{\"@context\":\"https:\/\/schema.org\",\"@graph\":[{\"@type\":\"WebPage\",\"@id\":\"https:\/\/www.fundacionanse.org\/en\/contact\/\",\"url\":\"https:\/\/www.fundacionanse.org\/en\/contact\/\",\"name\":\"Contact - ANSE Foundation\",\"isPartOf\":{\"@id\":\"https:\/\/www.fundacionanse.org\/en\/#website\"},\"datePublished\":\"2019-03-18T11:39:21+00:00\",\"dateModified\":\"2024-10-06T09:41:07+00:00\",\"inLanguage\":\"en-GB\",\"potentialAction\":[{\"@type\":\"ReadAction\",\"target\":[\"https:\/\/www.fundacionanse.org\/en\/contact\/\"]}]},{\"@type\":\"WebSite\",\"@id\":\"https:\/\/www.fundacionanse.org\/en\/#website\",\"url\":\"https:\/\/www.fundacionanse.org\/en\/\",\"name\":\"ANSE Foundation\",\"description\":\"Land Stewardship\",\"publisher\":{\"@id\":\"https:\/\/www.fundacionanse.org\/en\/#organization\"},\"potentialAction\":[{\"@type\":\"SearchAction\",\"target\":{\"@type\":\"EntryPoint\",\"urlTemplate\":\"https:\/\/www.fundacionanse.org\/en\/?s={search_term_string}\"},\"query-input\":{\"@type\":\"PropertyValueSpecification\",\"valueRequired\":true,\"valueName\":\"search_term_string\"}}],\"inLanguage\":\"en-GB\"},{\"@type\":\"Organization\",\"@id\":\"https:\/\/www.fundacionanse.org\/en\/#organization\",\"name\":\"ANSE Foundation\",\"url\":\"https:\/\/www.fundacionanse.org\/en\/\",\"logo\":{\"@type\":\"ImageObject\",\"inLanguage\":\"en-GB\",\"@id\":\"https:\/\/www.fundacionanse.org\/en\/#\/schema\/logo\/image\/\",\"url\":\"https:\/\/www.fundacionanse.org\/en\/wp-content\/uploads\/sites\/2\/2019\/06\/F-ANSE-color.svg\",\"contentUrl\":\"https:\/\/www.fundacionanse.org\/en\/wp-content\/uploads\/sites\/2\/2019\/06\/F-ANSE-color.svg\",\"caption\":\"ANSE Foundation\"},\"image\":{\"@id\":\"https:\/\/www.fundacionanse.org\/en\/#\/schema\/logo\/image\/\"},\"sameAs\":[\"https:\/\/www.facebook.com\/AsociacionANSE\",\"https:\/\/x.com\/asociacionanse\",\"https:\/\/www.instagram.com\/asociacionanse\/\",\"https:\/\/www.linkedin.com\/company\/anse\",\"https:\/\/www.youtube.com\/user\/asociacionanse\",\"https:\/\/es.wikipedia.org\/wiki\/Asociaci\u00f3n_de_Naturalistas_del_Sureste\"]}]}<\/script>\n<!-- \/ Yoast SEO plugin. -->","yoast_head_json":{"title":"Contact - ANSE Foundation","robots":{"index":"index","follow":"follow","max-snippet":"max-snippet:-1","max-image-preview":"max-image-preview:large","max-video-preview":"max-video-preview:-1"},"canonical":"https:\/\/www.fundacionanse.org\/en\/contact\/","og_locale":"en_GB","og_type":"article","og_title":"Contact - ANSE Foundation","og_url":"https:\/\/www.fundacionanse.org\/en\/contact\/","og_site_name":"ANSE Foundation","article_publisher":"https:\/\/www.facebook.com\/AsociacionANSE","article_modified_time":"2024-10-06T09:41:07+00:00","twitter_card":"summary_large_image","twitter_site":"@asociacionanse","schema":{"@context":"https:\/\/schema.org","@graph":[{"@type":"WebPage","@id":"https:\/\/www.fundacionanse.org\/en\/contact\/","url":"https:\/\/www.fundacionanse.org\/en\/contact\/","name":"Contact - ANSE Foundation","isPartOf":{"@id":"https:\/\/www.fundacionanse.org\/en\/#website"},"datePublished":"2019-03-18T11:39:21+00:00","dateModified":"2024-10-06T09:41:07+00:00","inLanguage":"en-GB","potentialAction":[{"@type":"ReadAction","target":["https:\/\/www.fundacionanse.org\/en\/contact\/"]}]},{"@type":"WebSite","@id":"https:\/\/www.fundacionanse.org\/en\/#website","url":"https:\/\/www.fundacionanse.org\/en\/","name":"ANSE Foundation","description":"Land Stewardship","publisher":{"@id":"https:\/\/www.fundacionanse.org\/en\/#organization"},"potentialAction":[{"@type":"SearchAction","target":{"@type":"EntryPoint","urlTemplate":"https:\/\/www.fundacionanse.org\/en\/?s={search_term_string}"},"query-input":{"@type":"PropertyValueSpecification","valueRequired":true,"valueName":"search_term_string"}}],"inLanguage":"en-GB"},{"@type":"Organization","@id":"https:\/\/www.fundacionanse.org\/en\/#organization","name":"ANSE Foundation","url":"https:\/\/www.fundacionanse.org\/en\/","logo":{"@type":"ImageObject","inLanguage":"en-GB","@id":"https:\/\/www.fundacionanse.org\/en\/#\/schema\/logo\/image\/","url":"https:\/\/www.fundacionanse.org\/en\/wp-content\/uploads\/sites\/2\/2019\/06\/F-ANSE-color.svg","contentUrl":"https:\/\/www.fundacionanse.org\/en\/wp-content\/uploads\/sites\/2\/2019\/06\/F-ANSE-color.svg","caption":"ANSE Foundation"},"image":{"@id":"https:\/\/www.fundacionanse.org\/en\/#\/schema\/logo\/image\/"},"sameAs":["https:\/\/www.facebook.com\/AsociacionANSE","https:\/\/x.com\/asociacionanse","https:\/\/www.instagram.com\/asociacionanse\/","https:\/\/www.linkedin.com\/company\/anse","https:\/\/www.youtube.com\/user\/asociacionanse","https:\/\/es.wikipedia.org\/wiki\/Asociaci\u00f3n_de_Naturalistas_del_Sureste"]}]}},"_links":{"self":[{"href":"https:\/\/www.fundacionanse.org\/en\/wp-json\/wp\/v2\/pages\/29","targetHints":{"allow":["GET"]}}],"collection":[{"href":"https:\/\/www.fundacionanse.org\/en\/wp-json\/wp\/v2\/pages"}],"about":[{"href":"https:\/\/www.fundacionanse.org\/en\/wp-json\/wp\/v2\/types\/page"}],"author":[{"embeddable":true,"href":"https:\/\/www.fundacionanse.org\/en\/wp-json\/wp\/v2\/users\/1"}],"replies":[{"embeddable":true,"href":"https:\/\/www.fundacionanse.org\/en\/wp-json\/wp\/v2\/comments?post=29"}],"version-history":[{"count":0,"href":"https:\/\/www.fundacionanse.org\/en\/wp-json\/wp\/v2\/pages\/29\/revisions"}],"wp:attachment":[{"href":"https:\/\/www.fundacionanse.org\/en\/wp-json\/wp\/v2\/media?parent=29"}],"curies":[{"name":"wp","href":"https:\/\/api.w.org\/{rel}","templated":true}]}}