{"id":30,"date":"2023-01-05T09:47:05","date_gmt":"2023-01-05T09:47:05","guid":{"rendered":"https:\/\/www.fundacionanse.org\/resalar\/?page_id=30"},"modified":"2025-11-17T09:59:56","modified_gmt":"2025-11-17T09:59:56","slug":"areas-de-actuacion","status":"publish","type":"page","link":"https:\/\/www.fundacionanse.org\/resalar\/areas-de-actuacion\/","title":{"rendered":"\u00c1reas de actuaci\u00f3n"},"content":{"rendered":"\n<h2 class=\"wp-block-heading has-large-font-size\">Las salinas de Marchamalo<\/h2>\n\n\n\n<p>El origen de las salinas de Marchamalo, o de Cabo de Palos, no est\u00e1 claro pero seguramente ya exist\u00edan en tiempos de los romanos que usaban la sal para las salazones de pescado y la preparaci\u00f3n del <em>garum<\/em>. A finales del siglo XIX lleg\u00f3 la industrializaci\u00f3n de las salinas que supuso una de las principales fuentes de ingresos para la poblaci\u00f3n local de Cabo de Palos hasta los a\u00f1os 50.<\/p>\n\n\n\n<p>A mediados de los a\u00f1os noventa, y como otras muchas otras salinas del Mediterr\u00e1neo, las salinas fueron abandonadas cuando dejaron de ser rentables.<\/p>\n\n\n\n<div class=\"wp-block-columns are-vertically-aligned-center is-layout-flex wp-container-core-columns-is-layout-9d6595d7 wp-block-columns-is-layout-flex\">\n<div class=\"wp-block-column is-vertically-aligned-center is-layout-flow wp-block-column-is-layout-flow\">\n<figure class=\"wp-block-image size-full\"><img decoding=\"async\" width=\"1024\" height=\"632\" src=\"https:\/\/www.fundacionanse.org\/resalar\/wp-content\/uploads\/sites\/5\/2024\/03\/SalinasMarchamalo.jpg\" alt=\"Salinas de Marchamalo\" class=\"wp-image-784\" srcset=\"https:\/\/www.fundacionanse.org\/resalar\/wp-content\/uploads\/sites\/5\/2024\/03\/SalinasMarchamalo.jpg 1024w, https:\/\/www.fundacionanse.org\/resalar\/wp-content\/uploads\/sites\/5\/2024\/03\/SalinasMarchamalo-300x185.jpg 300w, https:\/\/www.fundacionanse.org\/resalar\/wp-content\/uploads\/sites\/5\/2024\/03\/SalinasMarchamalo-768x474.jpg 768w\" sizes=\"(max-width: 1024px) 100vw, 1024px\" \/><figcaption class=\"wp-element-caption\">Salinas de Marchamalo<\/figcaption><\/figure>\n<\/div>\n\n\n\n<div class=\"wp-block-column is-vertically-aligned-center is-layout-flow wp-block-column-is-layout-flow\"><div class=\"su-gmap su-u-responsive-media-yes\"><iframe loading=\"lazy\" width=\"360\" height=\"200\" src=\"\/\/maps.google.com\/maps?q=Salinas%20de%20Marchamalo&amp;output=embed\" title=\"Salinas de Marchamalo\"><\/iframe><\/div>\n<\/div>\n<\/div>\n\n\n\n<p>El espacio cuenta con varias figuras de protecci\u00f3n medioambiental por sus valores naturales asociados. Son Red Natura 2000 al formar parte de la Zona de Especial Conservaci\u00f3n \u201cEspacios Abiertos e islas del Mar Menor\u201d y de la Zona de Especial Protecci\u00f3n para las Aves del \u201cMar menor\u201d. Adem\u00e1s est\u00e1 reconocido como Humedal RAMSAR dentro del Mar Menor y tambi\u00e9n forma parte de la Zona Especialmente Protegida de Importancia para el Mediterr\u00e1neo \u201cMar Menor y zona mediterr\u00e1nea oriental de la costa murciana\u201d. Finalmente, est\u00e1 incluido dentro del Espacio Natural Protegido de la Regi\u00f3n de Murcia \u201cEspacios Abiertos e islas del Mar Menor\u201d.<\/p>\n\n\n\n<p>Adem\u00e1s, las salinas tambi\u00e9n gozan de protecci\u00f3n por su valor cultural, habiendo sido declaradas recientemente como Bien de Inter\u00e9s Cultural con la categor\u00eda de sitio hist\u00f3rico.<\/p>\n\n\n\n<p>En 2019, la Fundaci\u00f3n ANSE adquiri\u00f3 la concesi\u00f3n para la explotaci\u00f3n de la sal de una parte de las salinas, con el objetivo de impulsar de nuevo la actividad salinera compatible con la conservaci\u00f3n y recuperaci\u00f3n de la biodiversidad de este singular espacio litoral, a orillas del Mar Menor. La iniciativa parti\u00f3 despu\u00e9s de muchos a\u00f1os de protestas y denuncias a las administraciones sin que se tomen las medidas adecuadas para la recuperaci\u00f3n de las salinas, en las que el patrimonio natural y cultural se estaba perdiendo tras su abandono.<\/p>\n\n\n\n<p>La parte que pudo adquirirse es la denominada como salinas viejas o salinas orientales de Marchamalo y son 8 hect\u00e1reas del total de las casi 70 que ocupan las salinas.<\/p>\n\n\n\n<p class=\"has-large-font-size\">Caleta del Estacio<\/p>\n\n\n\n<p>Con cerca de 25 hect\u00e1reas de arenales en Dominio P\u00fablico Mar\u00edtimo Terrestre, la caleta del Estacio se considera a d\u00eda de hoy el mayor espacio de La Manga del Mar Menor libre de edificaciones. Situada en el norte de La Manga, junto al canal del Estacio, a comienzos del siglo presente, fue el lugar elegido para la construcci\u00f3n un gran puerto deportivo, conocido como Puerto Mayor, cuya capacidad alcanzar\u00eda las 900 embarcaciones, adem\u00e1s de contar con diversas infraestructuras y edificaciones asociadas. De haberse llevado a cabo dicha edificaci\u00f3n, habr\u00eda supuesto la destrucci\u00f3n de los arenales y de 1 km de playa.<\/p>\n\n\n\n<div class=\"wp-block-columns are-vertically-aligned-center is-layout-flex wp-container-core-columns-is-layout-9d6595d7 wp-block-columns-is-layout-flex\">\n<div class=\"wp-block-column is-vertically-aligned-center is-layout-flow wp-block-column-is-layout-flow\">\n<figure class=\"wp-block-image size-large\"><img decoding=\"async\" width=\"1024\" height=\"575\" src=\"https:\/\/www.fundacionanse.org\/resalar\/wp-content\/uploads\/sites\/5\/2024\/02\/caleta-estacio-1024x575.jpg\" alt=\"\" class=\"wp-image-719\" srcset=\"https:\/\/www.fundacionanse.org\/resalar\/wp-content\/uploads\/sites\/5\/2024\/02\/caleta-estacio-1024x575.jpg 1024w, https:\/\/www.fundacionanse.org\/resalar\/wp-content\/uploads\/sites\/5\/2024\/02\/caleta-estacio-300x169.jpg 300w, https:\/\/www.fundacionanse.org\/resalar\/wp-content\/uploads\/sites\/5\/2024\/02\/caleta-estacio-768x432.jpg 768w, https:\/\/www.fundacionanse.org\/resalar\/wp-content\/uploads\/sites\/5\/2024\/02\/caleta-estacio.jpg 1500w\" sizes=\"(max-width: 1024px) 100vw, 1024px\" \/><figcaption class=\"wp-element-caption\">Vista a\u00e9rea Caleta del Estacio, bosque de acacias y tablaestacas Puerto Mayor  <\/figcaption><\/figure>\n<\/div>\n\n\n\n<div class=\"wp-block-column is-vertically-aligned-center is-layout-flow wp-block-column-is-layout-flow\"><div class=\"su-gmap su-u-responsive-media-yes\"><iframe loading=\"lazy\" width=\"360\" height=\"200\" src=\"\/\/maps.google.com\/maps?q=Caleta%20del%20Estacio&amp;output=embed\" title=\"Caleta del Estacio\"><\/iframe><\/div>\n<\/div>\n<\/div>\n\n\n\n<p>Las obras se iniciaron en 2004, sin contar con las autorizaciones necesarias, por ello, se lograron paralizar a finales de 2005, gracias a las acciones de protesta de ANSE y GreenPeace, y con el apoyo del entonces Ministerio de Medio Ambiente, que interpuso el contencioso administrativo que a la postre demostrar\u00eda la ilegalidad de las obras.<\/p>\n\n\n\n<p>Desde entonces, se inici\u00f3 un largo proceso judicial que finaliz\u00f3 en 2021, cuando el Tribunal Superior de Justicia en Murcia rechaz\u00f3 el recurso interpuesto por la sociedad promotora del puerto deportivo. Durante este tiempo, la caleta ha permanecido abandonada y en su interior se han expandido numerosas especies ex\u00f3ticas invasoras, destacando tres especies de acacias australianas (<em>Acacia saligna<\/em>, <em>A. cyclops<\/em> y <em>A. retinoides<\/em>) con un elevado car\u00e1cter transformador. Estas han formado peque\u00f1os bosquetes donde solo hay cabida para ellas. Adem\u00e1s, quedaron abandonadas numerosas estructuras de las obras, como las tablestacas met\u00e1licas que configuran el per\u00edmetro interior del puerto, que actualmente se encuentran en un avanzado estado de deterioro, muchas de ellas est\u00e1n rotas y oxidadas, mientras que otras son grandes fragmentos o piezas enteras incrustadas en el fondo marino.<\/p>\n\n\n\n<p>ANSE viene trabajando de manera ininterrumpida en esta Caleta, desde antes de 2005. Primero, para lograr paralizar las obras de Puerto Mayor, despu\u00e9s, para conseguir la restauraci\u00f3n ambiental de los arenales de la Caleta del Estacio y enfocarlos hacia un uso p\u00fablico responsable. Desde 2021, la asociaci\u00f3n cuenta con la autorizaci\u00f3n para restaurar 2,6 hect\u00e1reas ocupadas por acacias, recientemente, esta ha sido ampliada hasta un total de 6 hect\u00e1reas.<\/p>\n\n\n\n<p class=\"has-large-font-size\">Monte Blanco<\/p>\n\n\n\n<p>El Monte Blanco es uno de los promontorios volc\u00e1nicos que se form\u00f3 durante el mioceno en el Campo de Cartagena, hace entre 7,2 y 6,6 millones de a\u00f1os. Su presencia fue crucial para la formaci\u00f3n del istmo arenoso que cerr\u00f3 y separ\u00f3 la Laguna del Mar Menor del Mar Mediterr\u00e1neo, actualmente, conocida como La Manga.<\/p>\n\n\n\n<div class=\"wp-block-columns are-vertically-aligned-center is-layout-flex wp-container-core-columns-is-layout-9d6595d7 wp-block-columns-is-layout-flex\">\n<div class=\"wp-block-column is-vertically-aligned-center is-layout-flow wp-block-column-is-layout-flow\">\n<figure class=\"wp-block-image size-large\"><img decoding=\"async\" width=\"1024\" height=\"632\" src=\"https:\/\/www.fundacionanse.org\/resalar\/wp-content\/uploads\/sites\/5\/2024\/03\/MonteBlanco_ZanahoriaLentisco-2-1024x632.jpg\" alt=\"Monte Blanco\" class=\"wp-image-793\" srcset=\"https:\/\/www.fundacionanse.org\/resalar\/wp-content\/uploads\/sites\/5\/2024\/03\/MonteBlanco_ZanahoriaLentisco-2-1024x632.jpg 1024w, https:\/\/www.fundacionanse.org\/resalar\/wp-content\/uploads\/sites\/5\/2024\/03\/MonteBlanco_ZanahoriaLentisco-2-300x185.jpg 300w, https:\/\/www.fundacionanse.org\/resalar\/wp-content\/uploads\/sites\/5\/2024\/03\/MonteBlanco_ZanahoriaLentisco-2-768x474.jpg 768w, https:\/\/www.fundacionanse.org\/resalar\/wp-content\/uploads\/sites\/5\/2024\/03\/MonteBlanco_ZanahoriaLentisco-2.jpg 1500w\" sizes=\"(max-width: 1024px) 100vw, 1024px\" \/><figcaption class=\"wp-element-caption\">Plantaci\u00f3n de lentisco y zanahoria marina realizada por ANSE en Monte Blanco.<\/figcaption><\/figure>\n<\/div>\n\n\n\n<div class=\"wp-block-column is-vertically-aligned-center is-layout-flow wp-block-column-is-layout-flow\"><div class=\"su-gmap su-u-responsive-media-yes\"><iframe loading=\"lazy\" width=\"360\" height=\"200\" src=\"\/\/maps.google.com\/maps?q=Mirador%20de%20Monteblanco%20%28oeste%29&amp;output=embed\" title=\"Monteblanco\"><\/iframe><\/div>\n<\/div>\n<\/div>\n\n\n\n<p>Este espacio ha compartido las vicisitudes que han sufrido el resto de espacios y arenales de La Manga, vi\u00e9ndose afectado por el urbanismo descontrolado y los problemas derivados de este, hasta acabar convertido en un lugar altamente degradado y da\u00f1ado por la proliferaci\u00f3n de especies vegetales ex\u00f3ticas introducidas, tales como acacias, la u\u00f1a de gato o la lantana, as\u00ed como por vertidos ilegales de escombros y basura.<\/p>\n\n\n\n<p>Durante la d\u00e9cada de 2010, ANSE, en colaboraci\u00f3n con el vecindario, puso en marcha un proyecto de regeneraci\u00f3n y puesta en valor de parte del espacio no urbanizado, que supuso, por un lado, la retirada de basura y escombros y, por otro, diversas actuaciones para controlar las especies ex\u00f3ticas invasoras. El objetivo era recuperar un h\u00e1bitat similar al de los arenales costeros que ocupaban la Manga antes de su urbanizaci\u00f3n. Por ello, se replant\u00f3 la zona con plantas aut\u00f3ctonas caracter\u00edsticas de estos ecosistemas, tales como las muy amenazadas sabinas de las dunas o las esparragueras del Mar Menor.<\/p>\n\n\n\n<p>Actualmente, Monteblanco cumple un papel fundamental como reserva de vegetaci\u00f3n dunar y es un recuerdo de lo que en su d\u00eda fue La Manga. Sin embargo, contin\u00faa siendo un espacio amenazado y susceptible de ser urbanizable.<\/p>\n\n\n\n<p>Entre los planes de ANSE est\u00e1 el de continuar con la labor de restauraci\u00f3n, ya que todav\u00eda las actuaciones han alcanzado la mitad del espacio que resta sin urbanizar.<\/p>\n","protected":false},"excerpt":{"rendered":"<p>Las salinas de Marchamalo El origen de las salinas de Marchamalo, o de Cabo de Palos, no est\u00e1 claro pero seguramente ya exist\u00edan en tiempos de los romanos que usaban la sal para las salazones de pescado y la preparaci\u00f3n del garum. A finales del siglo XIX lleg\u00f3 la industrializaci\u00f3n de las salinas que supuso &#8230; <a title=\"\u00c1reas de actuaci\u00f3n\" class=\"read-more\" href=\"https:\/\/www.fundacionanse.org\/resalar\/areas-de-actuacion\/\" aria-label=\"Leer m\u00e1s sobre \u00c1reas de actuaci\u00f3n\">Leer m\u00e1s<\/a><\/p>\n","protected":false},"author":2,"featured_media":792,"parent":0,"menu_order":0,"comment_status":"closed","ping_status":"closed","template":"","meta":{"inline_featured_image":false,"footnotes":""},"class_list":{"0":"post-30","1":"page","2":"type-page","3":"status-publish","4":"has-post-thumbnail","6":"resize-featured-image"},"yoast_head":"<!-- This site is optimized with the Yoast SEO plugin v26.9 - https:\/\/yoast.com\/product\/yoast-seo-wordpress\/ -->\n<title>\u00c1reas de actuaci\u00f3n - RESALAR<\/title>\n<meta name=\"robots\" content=\"index, follow, max-snippet:-1, max-image-preview:large, max-video-preview:-1\" \/>\n<link rel=\"canonical\" href=\"https:\/\/www.fundacionanse.org\/resalar\/areas-de-actuacion\/\" \/>\n<meta property=\"og:locale\" content=\"es_ES\" \/>\n<meta property=\"og:type\" content=\"article\" \/>\n<meta property=\"og:title\" content=\"\u00c1reas de actuaci\u00f3n - RESALAR\" \/>\n<meta property=\"og:description\" content=\"Las salinas de Marchamalo El origen de las salinas de Marchamalo, o de Cabo de Palos, no est\u00e1 claro pero seguramente ya exist\u00edan en tiempos de los romanos que usaban la sal para las salazones de pescado y la preparaci\u00f3n del garum. A finales del siglo XIX lleg\u00f3 la industrializaci\u00f3n de las salinas que supuso ... Leer m\u00e1s\" \/>\n<meta property=\"og:url\" content=\"https:\/\/www.fundacionanse.org\/resalar\/areas-de-actuacion\/\" \/>\n<meta property=\"og:site_name\" content=\"RESALAR\" \/>\n<meta property=\"article:publisher\" content=\"https:\/\/www.facebook.com\/FundacionANSE\" \/>\n<meta property=\"article:modified_time\" content=\"2025-11-17T09:59:56+00:00\" \/>\n<meta property=\"og:image\" content=\"https:\/\/www.fundacionanse.org\/resalar\/wp-content\/uploads\/sites\/5\/2024\/03\/Puerto-Mayor-Caleta-Estacio.jpg\" \/>\n\t<meta property=\"og:image:width\" content=\"1500\" \/>\n\t<meta property=\"og:image:height\" content=\"1000\" \/>\n\t<meta property=\"og:image:type\" content=\"image\/jpeg\" \/>\n<meta name=\"twitter:card\" content=\"summary_large_image\" \/>\n<meta name=\"twitter:site\" content=\"@fundacionanse\" \/>\n<meta name=\"twitter:label1\" content=\"Tiempo de lectura\" \/>\n\t<meta name=\"twitter:data1\" content=\"6 minutos\" \/>\n<script type=\"application\/ld+json\" class=\"yoast-schema-graph\">{\"@context\":\"https:\/\/schema.org\",\"@graph\":[{\"@type\":\"WebPage\",\"@id\":\"https:\/\/www.fundacionanse.org\/resalar\/areas-de-actuacion\/\",\"url\":\"https:\/\/www.fundacionanse.org\/resalar\/areas-de-actuacion\/\",\"name\":\"\u00c1reas de actuaci\u00f3n - RESALAR\",\"isPartOf\":{\"@id\":\"https:\/\/www.fundacionanse.org\/resalar\/#website\"},\"primaryImageOfPage\":{\"@id\":\"https:\/\/www.fundacionanse.org\/resalar\/areas-de-actuacion\/#primaryimage\"},\"image\":{\"@id\":\"https:\/\/www.fundacionanse.org\/resalar\/areas-de-actuacion\/#primaryimage\"},\"thumbnailUrl\":\"https:\/\/www.fundacionanse.org\/resalar\/wp-content\/uploads\/sites\/5\/2024\/03\/Puerto-Mayor-Caleta-Estacio.jpg\",\"datePublished\":\"2023-01-05T09:47:05+00:00\",\"dateModified\":\"2025-11-17T09:59:56+00:00\",\"breadcrumb\":{\"@id\":\"https:\/\/www.fundacionanse.org\/resalar\/areas-de-actuacion\/#breadcrumb\"},\"inLanguage\":\"es\",\"potentialAction\":[{\"@type\":\"ReadAction\",\"target\":[\"https:\/\/www.fundacionanse.org\/resalar\/areas-de-actuacion\/\"]}]},{\"@type\":\"ImageObject\",\"inLanguage\":\"es\",\"@id\":\"https:\/\/www.fundacionanse.org\/resalar\/areas-de-actuacion\/#primaryimage\",\"url\":\"https:\/\/www.fundacionanse.org\/resalar\/wp-content\/uploads\/sites\/5\/2024\/03\/Puerto-Mayor-Caleta-Estacio.jpg\",\"contentUrl\":\"https:\/\/www.fundacionanse.org\/resalar\/wp-content\/uploads\/sites\/5\/2024\/03\/Puerto-Mayor-Caleta-Estacio.jpg\",\"width\":1500,\"height\":1000,\"caption\":\"Caleta del Estacio \u00a9ANSE\"},{\"@type\":\"BreadcrumbList\",\"@id\":\"https:\/\/www.fundacionanse.org\/resalar\/areas-de-actuacion\/#breadcrumb\",\"itemListElement\":[{\"@type\":\"ListItem\",\"position\":1,\"name\":\"Portada\",\"item\":\"https:\/\/www.fundacionanse.org\/resalar\/\"},{\"@type\":\"ListItem\",\"position\":2,\"name\":\"\u00c1reas de actuaci\u00f3n\"}]},{\"@type\":\"WebSite\",\"@id\":\"https:\/\/www.fundacionanse.org\/resalar\/#website\",\"url\":\"https:\/\/www.fundacionanse.org\/resalar\/\",\"name\":\"RESALAR\",\"description\":\"Regeneraci\u00f3n de salinas y arenales en el Mar Menor\",\"publisher\":{\"@id\":\"https:\/\/www.fundacionanse.org\/resalar\/#organization\"},\"potentialAction\":[{\"@type\":\"SearchAction\",\"target\":{\"@type\":\"EntryPoint\",\"urlTemplate\":\"https:\/\/www.fundacionanse.org\/resalar\/?s={search_term_string}\"},\"query-input\":{\"@type\":\"PropertyValueSpecification\",\"valueRequired\":true,\"valueName\":\"search_term_string\"}}],\"inLanguage\":\"es\"},{\"@type\":\"Organization\",\"@id\":\"https:\/\/www.fundacionanse.org\/resalar\/#organization\",\"name\":\"RESALAR\",\"url\":\"https:\/\/www.fundacionanse.org\/resalar\/\",\"logo\":{\"@type\":\"ImageObject\",\"inLanguage\":\"es\",\"@id\":\"https:\/\/www.fundacionanse.org\/resalar\/#\/schema\/logo\/image\/\",\"url\":\"https:\/\/www.fundacionanse.org\/resalar\/wp-content\/uploads\/sites\/5\/2024\/02\/resalar-web_vertical-color.svg\",\"contentUrl\":\"https:\/\/www.fundacionanse.org\/resalar\/wp-content\/uploads\/sites\/5\/2024\/02\/resalar-web_vertical-color.svg\",\"width\":168,\"height\":188,\"caption\":\"RESALAR\"},\"image\":{\"@id\":\"https:\/\/www.fundacionanse.org\/resalar\/#\/schema\/logo\/image\/\"},\"sameAs\":[\"https:\/\/www.facebook.com\/FundacionANSE\",\"https:\/\/x.com\/fundacionanse\",\"https:\/\/www.instagram.com\/fundacionanse\/\"]}]}<\/script>\n<!-- \/ Yoast SEO plugin. -->","yoast_head_json":{"title":"\u00c1reas de actuaci\u00f3n - RESALAR","robots":{"index":"index","follow":"follow","max-snippet":"max-snippet:-1","max-image-preview":"max-image-preview:large","max-video-preview":"max-video-preview:-1"},"canonical":"https:\/\/www.fundacionanse.org\/resalar\/areas-de-actuacion\/","og_locale":"es_ES","og_type":"article","og_title":"\u00c1reas de actuaci\u00f3n - RESALAR","og_description":"Las salinas de Marchamalo El origen de las salinas de Marchamalo, o de Cabo de Palos, no est\u00e1 claro pero seguramente ya exist\u00edan en tiempos de los romanos que usaban la sal para las salazones de pescado y la preparaci\u00f3n del garum. A finales del siglo XIX lleg\u00f3 la industrializaci\u00f3n de las salinas que supuso ... Leer m\u00e1s","og_url":"https:\/\/www.fundacionanse.org\/resalar\/areas-de-actuacion\/","og_site_name":"RESALAR","article_publisher":"https:\/\/www.facebook.com\/FundacionANSE","article_modified_time":"2025-11-17T09:59:56+00:00","og_image":[{"width":1500,"height":1000,"url":"https:\/\/www.fundacionanse.org\/resalar\/wp-content\/uploads\/sites\/5\/2024\/03\/Puerto-Mayor-Caleta-Estacio.jpg","type":"image\/jpeg"}],"twitter_card":"summary_large_image","twitter_site":"@fundacionanse","twitter_misc":{"Tiempo de lectura":"6 minutos"},"schema":{"@context":"https:\/\/schema.org","@graph":[{"@type":"WebPage","@id":"https:\/\/www.fundacionanse.org\/resalar\/areas-de-actuacion\/","url":"https:\/\/www.fundacionanse.org\/resalar\/areas-de-actuacion\/","name":"\u00c1reas de actuaci\u00f3n - RESALAR","isPartOf":{"@id":"https:\/\/www.fundacionanse.org\/resalar\/#website"},"primaryImageOfPage":{"@id":"https:\/\/www.fundacionanse.org\/resalar\/areas-de-actuacion\/#primaryimage"},"image":{"@id":"https:\/\/www.fundacionanse.org\/resalar\/areas-de-actuacion\/#primaryimage"},"thumbnailUrl":"https:\/\/www.fundacionanse.org\/resalar\/wp-content\/uploads\/sites\/5\/2024\/03\/Puerto-Mayor-Caleta-Estacio.jpg","datePublished":"2023-01-05T09:47:05+00:00","dateModified":"2025-11-17T09:59:56+00:00","breadcrumb":{"@id":"https:\/\/www.fundacionanse.org\/resalar\/areas-de-actuacion\/#breadcrumb"},"inLanguage":"es","potentialAction":[{"@type":"ReadAction","target":["https:\/\/www.fundacionanse.org\/resalar\/areas-de-actuacion\/"]}]},{"@type":"ImageObject","inLanguage":"es","@id":"https:\/\/www.fundacionanse.org\/resalar\/areas-de-actuacion\/#primaryimage","url":"https:\/\/www.fundacionanse.org\/resalar\/wp-content\/uploads\/sites\/5\/2024\/03\/Puerto-Mayor-Caleta-Estacio.jpg","contentUrl":"https:\/\/www.fundacionanse.org\/resalar\/wp-content\/uploads\/sites\/5\/2024\/03\/Puerto-Mayor-Caleta-Estacio.jpg","width":1500,"height":1000,"caption":"Caleta del Estacio \u00a9ANSE"},{"@type":"BreadcrumbList","@id":"https:\/\/www.fundacionanse.org\/resalar\/areas-de-actuacion\/#breadcrumb","itemListElement":[{"@type":"ListItem","position":1,"name":"Portada","item":"https:\/\/www.fundacionanse.org\/resalar\/"},{"@type":"ListItem","position":2,"name":"\u00c1reas de actuaci\u00f3n"}]},{"@type":"WebSite","@id":"https:\/\/www.fundacionanse.org\/resalar\/#website","url":"https:\/\/www.fundacionanse.org\/resalar\/","name":"RESALAR","description":"Regeneraci\u00f3n de salinas y arenales en el Mar Menor","publisher":{"@id":"https:\/\/www.fundacionanse.org\/resalar\/#organization"},"potentialAction":[{"@type":"SearchAction","target":{"@type":"EntryPoint","urlTemplate":"https:\/\/www.fundacionanse.org\/resalar\/?s={search_term_string}"},"query-input":{"@type":"PropertyValueSpecification","valueRequired":true,"valueName":"search_term_string"}}],"inLanguage":"es"},{"@type":"Organization","@id":"https:\/\/www.fundacionanse.org\/resalar\/#organization","name":"RESALAR","url":"https:\/\/www.fundacionanse.org\/resalar\/","logo":{"@type":"ImageObject","inLanguage":"es","@id":"https:\/\/www.fundacionanse.org\/resalar\/#\/schema\/logo\/image\/","url":"https:\/\/www.fundacionanse.org\/resalar\/wp-content\/uploads\/sites\/5\/2024\/02\/resalar-web_vertical-color.svg","contentUrl":"https:\/\/www.fundacionanse.org\/resalar\/wp-content\/uploads\/sites\/5\/2024\/02\/resalar-web_vertical-color.svg","width":168,"height":188,"caption":"RESALAR"},"image":{"@id":"https:\/\/www.fundacionanse.org\/resalar\/#\/schema\/logo\/image\/"},"sameAs":["https:\/\/www.facebook.com\/FundacionANSE","https:\/\/x.com\/fundacionanse","https:\/\/www.instagram.com\/fundacionanse\/"]}]}},"_links":{"self":[{"href":"https:\/\/www.fundacionanse.org\/resalar\/wp-json\/wp\/v2\/pages\/30","targetHints":{"allow":["GET"]}}],"collection":[{"href":"https:\/\/www.fundacionanse.org\/resalar\/wp-json\/wp\/v2\/pages"}],"about":[{"href":"https:\/\/www.fundacionanse.org\/resalar\/wp-json\/wp\/v2\/types\/page"}],"author":[{"embeddable":true,"href":"https:\/\/www.fundacionanse.org\/resalar\/wp-json\/wp\/v2\/users\/2"}],"replies":[{"embeddable":true,"href":"https:\/\/www.fundacionanse.org\/resalar\/wp-json\/wp\/v2\/comments?post=30"}],"version-history":[{"count":0,"href":"https:\/\/www.fundacionanse.org\/resalar\/wp-json\/wp\/v2\/pages\/30\/revisions"}],"wp:featuredmedia":[{"embeddable":true,"href":"https:\/\/www.fundacionanse.org\/resalar\/wp-json\/wp\/v2\/media\/792"}],"wp:attachment":[{"href":"https:\/\/www.fundacionanse.org\/resalar\/wp-json\/wp\/v2\/media?parent=30"}],"curies":[{"name":"wp","href":"https:\/\/api.w.org\/{rel}","templated":true}]}}